{"id":64699,"date":"2015-11-04T11:37:16","date_gmt":"2015-11-04T09:37:16","guid":{"rendered":"http:\/\/www.noubarris.net\/web40\/?page_id=64699"},"modified":"2025-05-27T12:33:47","modified_gmt":"2025-05-27T10:33:47","slug":"informatius","status":"publish","type":"page","link":"https:\/\/www.noubarris.net\/web40\/informatius\/","title":{"rendered":"Nou Barris TV"},"content":{"rendered":"<div id=\"pl-64699\"  class=\"panel-layout\" ><div id=\"pg-64699-0\"  class=\"panel-grid panel-no-style\" ><div id=\"pgc-64699-0-0\"  class=\"panel-grid-cell\" ><div id=\"panel-64699-0-0-0\" class=\"so-panel widget widget_sow-editor panel-first-child panel-last-child\" data-index=\"0\" ><div\n\t\t\t\n\t\t\tclass=\"so-widget-sow-editor so-widget-sow-editor-base\"\n\t\t\t\n\t\t>\n<div class=\"siteorigin-widget-tinymce textwidget\">\n\t<p>Aqu\u00ed trobareu tots els reportatges que l\u2019equip de Nou Barris Televisi\u00f3 realitza.<\/p>\n<\/div>\n<\/div><\/div><\/div><\/div><div id=\"pg-64699-1\"  class=\"panel-grid panel-no-style\" ><div id=\"pgc-64699-1-0\"  class=\"panel-grid-cell\" ><div id=\"panel-64699-1-0-0\" class=\"so-panel widget widget_text panel-first-child panel-last-child\" data-index=\"1\" >\t\t\t<div class=\"textwidget\"><p><strong>\u00daltims v\u00eddeos publicats<\/strong><\/p>\n<\/div>\n\t\t<\/div><\/div><\/div><div id=\"pg-64699-2\"  class=\"panel-grid panel-has-style\" ><div class=\"panel-row-style panel-row-style-for-64699-2\" ><div id=\"pgc-64699-2-0\"  class=\"panel-grid-cell\" ><div id=\"panel-64699-2-0-0\" class=\"so-panel widget widget_text panel-first-child panel-last-child\" data-index=\"2\" ><div class=\"panel-widget-style panel-widget-style-for-64699-2-0-0\" >\t\t\t<div class=\"textwidget\"><h6><strong><a href=\"https:\/\/www.noubarris.net\/web40\/?page_id=64699\">Informatiu Nou Barris TV<\/a><\/strong><\/h6>\n<iframe src=\"https:\/\/www.youtube.com\/embed\/videoseries?list=PLUBSJLcW3lbJRWqxUTlXFuDRydIB6xQ7F\" frameborder=\"0\" allowfullscreen=\"allowfullscreen\"><\/iframe><\/div>\n\t\t<\/div><\/div><\/div><div id=\"pgc-64699-2-1\"  class=\"panel-grid-cell\" ><div id=\"panel-64699-2-1-0\" class=\"so-panel widget widget_text panel-first-child panel-last-child\" data-index=\"3\" ><div class=\"panel-widget-style panel-widget-style-for-64699-2-1-0\" >\t\t\t<div class=\"textwidget\"><h6><strong><a href=\"https:\/\/www.noubarris.net\/web40\/?page_id=64699\">C\u00e0psules del Temps amb l'Arxiu Hist\u00f2ric NB<\/a><\/strong><\/h6>\n<iframe src=\"https:\/\/www.youtube.com\/embed\/videoseries?list=PLUBSJLcW3lbK2D1H_DVuVIyPW7FC8LTkm\" frameborder=\"0\" allowfullscreen=\"allowfullscreen\"><\/iframe><\/div>\n\t\t<\/div><\/div><\/div><\/div><\/div><div id=\"pg-64699-3\"  class=\"panel-grid panel-no-style\" ><div id=\"pgc-64699-3-0\"  class=\"panel-grid-cell\" ><div id=\"panel-64699-3-0-0\" class=\"widget_text so-panel widget widget_custom_html panel-first-child panel-last-child\" data-index=\"4\" ><div class=\"textwidget custom-html-widget\">\n\n<div id=\"sb_youtube_sbyUCb0t7UCRL66bGjwLDkzbA9\" \n\t class=\"sb_youtube sby_layout_grid sby_col_3 sby_mob_col_1 sby_palette_inherit  sby_width_resp\" \n\tdata-feedid=\"sby_UCb-0t7UCRL66bG_jwLDkzbA#9\" \n\tdata-shortcode-atts=\"{&quot;feed&quot;:&quot;1&quot;}\" \n\tdata-cols=\"3\" \n\tdata-colsmobile=\"1\" \n\tdata-num=\"9\" \n\tdata-nummobile=\"9\" \n\tdata-channel-subscribers=\"540 subscribers\"\tdata-subscribe-btn=\"1\" \n\tdata-subscribe-btn-text=\"Subscriu-te\" \n\tdata_channel_header_colors =\"{&quot;channelName&quot;:&quot;&quot;,&quot;subscribeCount&quot;:&quot;&quot;,&quot;buttonBackground&quot;:&quot;&quot;,&quot;buttonText&quot;:&quot;&quot;}\"\n\t data-sby-flags=\"resizeDisable\" data-postid=\"\" data-sby-supports-lightbox=\"1\" \n\t data-videocardlayout=\"vertical\" \n>\n\t<div class=\"sb_youtube_header \" >\n    <a href=\"https:\/\/www.youtube.com\/channel\/UCb-0t7UCRL66bG_jwLDkzbA\/\" target=\"_blank\" rel=\"noopener\" title=\"@Nou Barris TV - NouBarrisNet\" class=\"sby_header_link\" data-channel-description=\"hidden\">\n        <div class=\"sby_header_text sby_no_bio sby_no_sub\"  data-header-subscriber=\"shown\">\n            <h3 >Nou Barris TV - NouBarrisNet<\/h3>\n\t\t\t        <\/div>\n        <div class=\"sby_header_img\" data-avatar-url=\"https:\/\/yt3.ggpht.com\/hrGjlg8wbGdsCC5xErqOhzISxxOLQJPbvI2y2Uq7olkpqAlecLB6sOswBHH0mHjxzPKUf3ljrw=s88-c-k-c0x00ffffff-no-rj\">\n            <div class=\"sby_header_img_hover\"><svg aria-hidden=\"true\" focusable=\"false\" data-prefix=\"fab\" data-icon=\"youtube\" role=\"img\" xmlns=\"http:\/\/www.w3.org\/2000\/svg\" viewBox=\"0 0 576 512\" class=\"sby_new_logo svg-inline--fa fa-youtube fa-w-18\"><path fill=\"currentColor\" d=\"M549.655 124.083c-6.281-23.65-24.787-42.276-48.284-48.597C458.781 64 288 64 288 64S117.22 64 74.629 75.486c-23.497 6.322-42.003 24.947-48.284 48.597-11.412 42.867-11.412 132.305-11.412 132.305s0 89.438 11.412 132.305c6.281 23.65 24.787 41.5 48.284 47.821C117.22 448 288 448 288 448s170.78 0 213.371-11.486c23.497-6.321 42.003-24.171 48.284-47.821 11.412-42.867 11.412-132.305 11.412-132.305s0-89.438-11.412-132.305zm-317.51 213.508V175.185l142.739 81.205-142.739 81.201z\" class=\"\"><\/path><\/svg><\/div>\n            <img loading=\"lazy\" decoding=\"async\" src=\"https:\/\/yt3.ggpht.com\/hrGjlg8wbGdsCC5xErqOhzISxxOLQJPbvI2y2Uq7olkpqAlecLB6sOswBHH0mHjxzPKUf3ljrw=s88-c-k-c0x00ffffff-no-rj\" alt=\"Nou Barris TV - NouBarrisNet\" width=\"50\" height=\"50\">\n        <\/div>\n    <\/a>\n<\/div>        <div class=\"sby_items_wrap\" style=\"padding: 5px;\">\n\t\t<div class=\"sby_item  sby_new sby_transition\" id=\"sby_VVViLTB0N1VDUkw2NmJHX2p3TERremJBLkR3ZmpNX0g0NUJz\" data-date=\"1770204017\" data-video-id=\"DwfjM_H45Bs\">\n    <div class=\"sby_inner_item\">\n        <div class=\"sby_video_thumbnail_wrap sby_item_video_thumbnail_wrap\">\n            <a class=\"sby_video_thumbnail sby_item_video_thumbnail\" href=\"https:\/\/www.youtube.com\/watch?v=DwfjM_H45Bs\" target=\"_blank\" rel=\"noopener\" data-full-res=\"https:\/\/i.ytimg.com\/vi\/DwfjM_H45Bs\/maxresdefault.jpg\" data-img-src-set=\"{&quot;120&quot;:&quot;https:\\\/\\\/i.ytimg.com\\\/vi\\\/DwfjM_H45Bs\\\/default.jpg&quot;,&quot;320&quot;:&quot;https:\\\/\\\/i.ytimg.com\\\/vi\\\/DwfjM_H45Bs\\\/mqdefault.jpg&quot;,&quot;480&quot;:&quot;https:\\\/\\\/i.ytimg.com\\\/vi\\\/DwfjM_H45Bs\\\/hqdefault.jpg&quot;,&quot;640&quot;:&quot;https:\\\/\\\/i.ytimg.com\\\/vi\\\/DwfjM_H45Bs\\\/sddefault.jpg&quot;}\" data-video-id=\"DwfjM_H45Bs\" data-video-title=\"Arxiu Nou Barris TV: la fira gastron\u00f2mica de Verdum del 2004\">\n                <img decoding=\"async\" src=\"https:\/\/www.noubarris.net\/web40\/wp-content\/plugins\/feeds-for-youtube\/img\/placeholder.png\" alt=\"Arxiu Nou Barris TV:\nL&#039;octubre del 2004 cobriem la fira gastron\u00f2mica de Verdum, on pod\u00edem tastar plats t\u00edpics tant de la gastronomia catalana com d&#039;altres cultures. Un espai on l&#039;est\u00f3mac podia gaudir de la diversitat que enriqueix el nostre districte.\">\n\n                <div class=\"sby_thumbnail_hover sby_item_video_thumbnail_hover\">\n                    <div class=\"sby_thumbnail_hover_inner\">\n                                                    <span class=\"sby_video_title\" >Arxiu Nou Barris TV: la fira gastron\u00f2mica de Verdum del 2004<\/span>\n                                            <\/div>\n                <\/div>\n\n                                    <div class=\"sby_play_btn\" >\n                        <span class=\"sby_play_btn_bg\"><\/span>\n                        <svg aria-hidden=\"true\" focusable=\"false\" data-prefix=\"fab\" data-icon=\"youtube\" role=\"img\" xmlns=\"http:\/\/www.w3.org\/2000\/svg\" viewBox=\"0 0 576 512\" class=\"svg-inline--fa fa-youtube fa-w-18\"><path fill=\"currentColor\" d=\"M549.655 124.083c-6.281-23.65-24.787-42.276-48.284-48.597C458.781 64 288 64 288 64S117.22 64 74.629 75.486c-23.497 6.322-42.003 24.947-48.284 48.597-11.412 42.867-11.412 132.305-11.412 132.305s0 89.438 11.412 132.305c6.281 23.65 24.787 41.5 48.284 47.821C117.22 448 288 448 288 448s170.78 0 213.371-11.486c23.497-6.321 42.003-24.171 48.284-47.821 11.412-42.867 11.412-132.305 11.412-132.305s0-89.438-11.412-132.305zm-317.51 213.508V175.185l142.739 81.205-142.739 81.201z\" class=\"\"><\/path><\/svg>                    <\/div>\n                                <span class=\"sby_loader sby_hidden\" style=\"background-color: rgb(255, 255, 255);\"><\/span>\n            <\/a>\n\n                    <\/div>\n    <\/div>\n<\/div><div class=\"sby_item  sby_new sby_transition\" id=\"sby_VVViLTB0N1VDUkw2NmJHX2p3TERremJBLm00NmNSQWtBU1Fj\" data-date=\"1769602432\" data-video-id=\"m46cRAkASQc\">\n    <div class=\"sby_inner_item\">\n        <div class=\"sby_video_thumbnail_wrap sby_item_video_thumbnail_wrap\">\n            <a class=\"sby_video_thumbnail sby_item_video_thumbnail\" href=\"https:\/\/www.youtube.com\/watch?v=m46cRAkASQc\" target=\"_blank\" rel=\"noopener\" data-full-res=\"https:\/\/i.ytimg.com\/vi\/m46cRAkASQc\/maxresdefault.jpg\" data-img-src-set=\"{&quot;120&quot;:&quot;https:\\\/\\\/i.ytimg.com\\\/vi\\\/m46cRAkASQc\\\/default.jpg&quot;,&quot;320&quot;:&quot;https:\\\/\\\/i.ytimg.com\\\/vi\\\/m46cRAkASQc\\\/mqdefault.jpg&quot;,&quot;480&quot;:&quot;https:\\\/\\\/i.ytimg.com\\\/vi\\\/m46cRAkASQc\\\/hqdefault.jpg&quot;,&quot;640&quot;:&quot;https:\\\/\\\/i.ytimg.com\\\/vi\\\/m46cRAkASQc\\\/sddefault.jpg&quot;}\" data-video-id=\"m46cRAkASQc\" data-video-title=\"Presentaci\u00f3 de &quot;Un deseo para Sof\u00eda&quot;, de Pilar Mayo\">\n                <img decoding=\"async\" src=\"https:\/\/www.noubarris.net\/web40\/wp-content\/plugins\/feeds-for-youtube\/img\/placeholder.png\" alt=\"Ahir la Pilar Mayo va fer la presentacio del seu ultim llibre : Un deseo para Sofia. &quot;Una historia de madres e hijas, de grietas y silencios&quot;.\nL&#039;acte va ser a la Biblioteca de Roquetes.\nVa tenir punt de venda de llibres i de firmes.\u00a0\nVam poder disfrutar d&#039;una estona molt amena on el public assistent va poder particiar tot fent-li preguntes.\nLa presentaci\u00f3 de l&#039;acte va estar a carrec de la Judith Garcia (@escola....).\">\n\n                <div class=\"sby_thumbnail_hover sby_item_video_thumbnail_hover\">\n                    <div class=\"sby_thumbnail_hover_inner\">\n                                                    <span class=\"sby_video_title\" >Presentaci\u00f3 de &quot;Un deseo para Sof\u00eda&quot;, de Pilar Mayo<\/span>\n                                            <\/div>\n                <\/div>\n\n                                    <div class=\"sby_play_btn\" >\n                        <span class=\"sby_play_btn_bg\"><\/span>\n                        <svg aria-hidden=\"true\" focusable=\"false\" data-prefix=\"fab\" data-icon=\"youtube\" role=\"img\" xmlns=\"http:\/\/www.w3.org\/2000\/svg\" viewBox=\"0 0 576 512\" class=\"svg-inline--fa fa-youtube fa-w-18\"><path fill=\"currentColor\" d=\"M549.655 124.083c-6.281-23.65-24.787-42.276-48.284-48.597C458.781 64 288 64 288 64S117.22 64 74.629 75.486c-23.497 6.322-42.003 24.947-48.284 48.597-11.412 42.867-11.412 132.305-11.412 132.305s0 89.438 11.412 132.305c6.281 23.65 24.787 41.5 48.284 47.821C117.22 448 288 448 288 448s170.78 0 213.371-11.486c23.497-6.321 42.003-24.171 48.284-47.821 11.412-42.867 11.412-132.305 11.412-132.305s0-89.438-11.412-132.305zm-317.51 213.508V175.185l142.739 81.205-142.739 81.201z\" class=\"\"><\/path><\/svg>                    <\/div>\n                                <span class=\"sby_loader sby_hidden\" style=\"background-color: rgb(255, 255, 255);\"><\/span>\n            <\/a>\n\n                    <\/div>\n    <\/div>\n<\/div><div class=\"sby_item  sby_new sby_transition\" id=\"sby_VVViLTB0N1VDUkw2NmJHX2p3TERremJBLkdqOXIxWXA1dTBn\" data-date=\"1758886280\" data-video-id=\"Gj9r1Yp5u0g\">\n    <div class=\"sby_inner_item\">\n        <div class=\"sby_video_thumbnail_wrap sby_item_video_thumbnail_wrap\">\n            <a class=\"sby_video_thumbnail sby_item_video_thumbnail\" href=\"https:\/\/www.youtube.com\/watch?v=Gj9r1Yp5u0g\" target=\"_blank\" rel=\"noopener\" data-full-res=\"https:\/\/i.ytimg.com\/vi\/Gj9r1Yp5u0g\/maxresdefault.jpg\" data-img-src-set=\"{&quot;120&quot;:&quot;https:\\\/\\\/i.ytimg.com\\\/vi\\\/Gj9r1Yp5u0g\\\/default.jpg&quot;,&quot;320&quot;:&quot;https:\\\/\\\/i.ytimg.com\\\/vi\\\/Gj9r1Yp5u0g\\\/mqdefault.jpg&quot;,&quot;480&quot;:&quot;https:\\\/\\\/i.ytimg.com\\\/vi\\\/Gj9r1Yp5u0g\\\/hqdefault.jpg&quot;,&quot;640&quot;:&quot;https:\\\/\\\/i.ytimg.com\\\/vi\\\/Gj9r1Yp5u0g\\\/sddefault.jpg&quot;}\" data-video-id=\"Gj9r1Yp5u0g\" data-video-title=\"La Font M\u00e0gica de Canyelles\">\n                <img decoding=\"async\" src=\"https:\/\/www.noubarris.net\/web40\/wp-content\/plugins\/feeds-for-youtube\/img\/placeholder.png\" alt=\"Despr\u00e9s de la sequera es van posant en marxa les fonts ornamentals i al nostre districte tenim una de ben especial: la Font M\u00e0gica de Canyelles, tamb\u00e9 coneguda com a de Manuel de Falla.\n\nAvui divendres a les 21h ser\u00e0 el moment de recuperar els espectacles de la font m\u00e0gica, amb iluminaci\u00f3 de colors i moviments que acompanyen la m\u00fasica.\n\nRecuperem el video del Relligant Nou Barris on expliquem la seva hist\u00f2ria.\n\nSi vols m\u00e9s hist\u00f2ries de Nou Barris, entra al web de Relligant Nou Barris i gaudeix!\n\n#relligantnoubarris #historianoubarris #fontdecanyelles\">\n\n                <div class=\"sby_thumbnail_hover sby_item_video_thumbnail_hover\">\n                    <div class=\"sby_thumbnail_hover_inner\">\n                                                    <span class=\"sby_video_title\" >La Font M\u00e0gica de Canyelles<\/span>\n                                            <\/div>\n                <\/div>\n\n                                    <div class=\"sby_play_btn\" >\n                        <span class=\"sby_play_btn_bg\"><\/span>\n                        <svg aria-hidden=\"true\" focusable=\"false\" data-prefix=\"fab\" data-icon=\"youtube\" role=\"img\" xmlns=\"http:\/\/www.w3.org\/2000\/svg\" viewBox=\"0 0 576 512\" class=\"svg-inline--fa fa-youtube fa-w-18\"><path fill=\"currentColor\" d=\"M549.655 124.083c-6.281-23.65-24.787-42.276-48.284-48.597C458.781 64 288 64 288 64S117.22 64 74.629 75.486c-23.497 6.322-42.003 24.947-48.284 48.597-11.412 42.867-11.412 132.305-11.412 132.305s0 89.438 11.412 132.305c6.281 23.65 24.787 41.5 48.284 47.821C117.22 448 288 448 288 448s170.78 0 213.371-11.486c23.497-6.321 42.003-24.171 48.284-47.821 11.412-42.867 11.412-132.305 11.412-132.305s0-89.438-11.412-132.305zm-317.51 213.508V175.185l142.739 81.205-142.739 81.201z\" class=\"\"><\/path><\/svg>                    <\/div>\n                                <span class=\"sby_loader sby_hidden\" style=\"background-color: rgb(255, 255, 255);\"><\/span>\n            <\/a>\n\n                    <\/div>\n    <\/div>\n<\/div><div class=\"sby_item  sby_new sby_transition\" id=\"sby_VVViLTB0N1VDUkw2NmJHX2p3TERremJBLlloRjdUTFdMdWln\" data-date=\"1758128605\" data-video-id=\"YhF7TLWLuig\">\n    <div class=\"sby_inner_item\">\n        <div class=\"sby_video_thumbnail_wrap sby_item_video_thumbnail_wrap\">\n            <a class=\"sby_video_thumbnail sby_item_video_thumbnail\" href=\"https:\/\/www.youtube.com\/watch?v=YhF7TLWLuig\" target=\"_blank\" rel=\"noopener\" data-full-res=\"https:\/\/i.ytimg.com\/vi\/YhF7TLWLuig\/maxresdefault.jpg\" data-img-src-set=\"{&quot;120&quot;:&quot;https:\\\/\\\/i.ytimg.com\\\/vi\\\/YhF7TLWLuig\\\/default.jpg&quot;,&quot;320&quot;:&quot;https:\\\/\\\/i.ytimg.com\\\/vi\\\/YhF7TLWLuig\\\/mqdefault.jpg&quot;,&quot;480&quot;:&quot;https:\\\/\\\/i.ytimg.com\\\/vi\\\/YhF7TLWLuig\\\/hqdefault.jpg&quot;,&quot;640&quot;:&quot;https:\\\/\\\/i.ytimg.com\\\/vi\\\/YhF7TLWLuig\\\/sddefault.jpg&quot;}\" data-video-id=\"YhF7TLWLuig\" data-video-title=\"Les c\u00e0psules del temps de Nou Barris tornen amb el Marc de la Peira!!\">\n                <img decoding=\"async\" src=\"https:\/\/www.noubarris.net\/web40\/wp-content\/plugins\/feeds-for-youtube\/img\/placeholder.png\" alt=\"Repassem la hist\u00f2ria de Nou Barris amb el Marc de la Peira amb les C\u00e0psules del temps, en col\u00b7laboraci\u00f3 amb l&#039;Arxiu hist\u00f2ric de Roquetes - Nou Barris.\nRenovem el format! No us ho perdeu!\n\nhttps:\/\/youtu.be\/k8r45ht2yfc?si=Wy4l_aUvXrYVzw6x\">\n\n                <div class=\"sby_thumbnail_hover sby_item_video_thumbnail_hover\">\n                    <div class=\"sby_thumbnail_hover_inner\">\n                                                    <span class=\"sby_video_title\" >Les c\u00e0psules del temps de Nou Barris tornen amb el Marc de la Peira!!<\/span>\n                                            <\/div>\n                <\/div>\n\n                                    <div class=\"sby_play_btn\" >\n                        <span class=\"sby_play_btn_bg\"><\/span>\n                        <svg aria-hidden=\"true\" focusable=\"false\" data-prefix=\"fab\" data-icon=\"youtube\" role=\"img\" xmlns=\"http:\/\/www.w3.org\/2000\/svg\" viewBox=\"0 0 576 512\" class=\"svg-inline--fa fa-youtube fa-w-18\"><path fill=\"currentColor\" d=\"M549.655 124.083c-6.281-23.65-24.787-42.276-48.284-48.597C458.781 64 288 64 288 64S117.22 64 74.629 75.486c-23.497 6.322-42.003 24.947-48.284 48.597-11.412 42.867-11.412 132.305-11.412 132.305s0 89.438 11.412 132.305c6.281 23.65 24.787 41.5 48.284 47.821C117.22 448 288 448 288 448s170.78 0 213.371-11.486c23.497-6.321 42.003-24.171 48.284-47.821 11.412-42.867 11.412-132.305 11.412-132.305s0-89.438-11.412-132.305zm-317.51 213.508V175.185l142.739 81.205-142.739 81.201z\" class=\"\"><\/path><\/svg>                    <\/div>\n                                <span class=\"sby_loader sby_hidden\" style=\"background-color: rgb(255, 255, 255);\"><\/span>\n            <\/a>\n\n                    <\/div>\n    <\/div>\n<\/div><div class=\"sby_item  sby_new sby_transition\" id=\"sby_VVViLTB0N1VDUkw2NmJHX2p3TERremJBLms4cjQ1aHQyeWZj\" data-date=\"1758118901\" data-video-id=\"k8r45ht2yfc\">\n    <div class=\"sby_inner_item\">\n        <div class=\"sby_video_thumbnail_wrap sby_item_video_thumbnail_wrap\">\n            <a class=\"sby_video_thumbnail sby_item_video_thumbnail\" href=\"https:\/\/www.youtube.com\/watch?v=k8r45ht2yfc\" target=\"_blank\" rel=\"noopener\" data-full-res=\"https:\/\/i.ytimg.com\/vi\/k8r45ht2yfc\/maxresdefault.jpg\" data-img-src-set=\"{&quot;120&quot;:&quot;https:\\\/\\\/i.ytimg.com\\\/vi\\\/k8r45ht2yfc\\\/default.jpg&quot;,&quot;320&quot;:&quot;https:\\\/\\\/i.ytimg.com\\\/vi\\\/k8r45ht2yfc\\\/mqdefault.jpg&quot;,&quot;480&quot;:&quot;https:\\\/\\\/i.ytimg.com\\\/vi\\\/k8r45ht2yfc\\\/hqdefault.jpg&quot;,&quot;640&quot;:&quot;https:\\\/\\\/i.ytimg.com\\\/vi\\\/k8r45ht2yfc\\\/sddefault.jpg&quot;}\" data-video-id=\"k8r45ht2yfc\" data-video-title=\"La crisi social de l&#039;habitatge i l&#039;evoluci\u00f3 de l&#039;habitatge p\u00fablic a Nou Barris\">\n                <img decoding=\"async\" src=\"https:\/\/www.noubarris.net\/web40\/wp-content\/plugins\/feeds-for-youtube\/img\/placeholder.png\" alt=\"En aquesta c\u00e0psula del temps parlem d&#039;aquells projectes de construcci\u00f3 d&#039;habitatge social que s&#039;ha considerat m\u00e9s rellevants dins l&#039;evoluci\u00f3 del districte de Nou Barris, ja que aquests han deixat una empremta tant en el paisatge com en les persones que hi van viure. \nAix\u00ed doncs, no s&#039;han tingut en compte en aquesta modesta recerca, aquelles promocions privades d&#039;habitatge com per exemple ho van ser els pol\u00edgons del Tur\u00f3 de la Peira o Ciutat Meridiana, entre molts altres.\n\n[Correcci\u00f3 al minut 1:36: la barriada de cases de Ram\u00f3n Alb\u00f3 \u00e9s actualment el barri de Can Peguera i no el Tur\u00f3 de la Peira]\n\nContingut creat pels col\u00b7laboradors i col\u00b7laboradores de Nou Barris TV dins el programa TRIA Nou Barris (Taller de Recursos Audiovisuals) \n--------------------------------------------\nSubscriu-te per saber qu\u00e8 passa a Nou Barris: youtube.com\/@NouBarrisTV\">\n\n                <div class=\"sby_thumbnail_hover sby_item_video_thumbnail_hover\">\n                    <div class=\"sby_thumbnail_hover_inner\">\n                                                    <span class=\"sby_video_title\" >La crisi social de l&#039;habitatge i l&#039;evoluci\u00f3 de l&#039;habitatge p\u00fablic a Nou Barris<\/span>\n                                            <\/div>\n                <\/div>\n\n                                    <div class=\"sby_play_btn\" >\n                        <span class=\"sby_play_btn_bg\"><\/span>\n                        <svg aria-hidden=\"true\" focusable=\"false\" data-prefix=\"fab\" data-icon=\"youtube\" role=\"img\" xmlns=\"http:\/\/www.w3.org\/2000\/svg\" viewBox=\"0 0 576 512\" class=\"svg-inline--fa fa-youtube fa-w-18\"><path fill=\"currentColor\" d=\"M549.655 124.083c-6.281-23.65-24.787-42.276-48.284-48.597C458.781 64 288 64 288 64S117.22 64 74.629 75.486c-23.497 6.322-42.003 24.947-48.284 48.597-11.412 42.867-11.412 132.305-11.412 132.305s0 89.438 11.412 132.305c6.281 23.65 24.787 41.5 48.284 47.821C117.22 448 288 448 288 448s170.78 0 213.371-11.486c23.497-6.321 42.003-24.171 48.284-47.821 11.412-42.867 11.412-132.305 11.412-132.305s0-89.438-11.412-132.305zm-317.51 213.508V175.185l142.739 81.205-142.739 81.201z\" class=\"\"><\/path><\/svg>                    <\/div>\n                                <span class=\"sby_loader sby_hidden\" style=\"background-color: rgb(255, 255, 255);\"><\/span>\n            <\/a>\n\n                    <\/div>\n    <\/div>\n<\/div><div class=\"sby_item  sby_new sby_transition\" id=\"sby_VVViLTB0N1VDUkw2NmJHX2p3TERremJBLlRjelFDYkVfcURn\" data-date=\"1757323866\" data-video-id=\"TczQCbE_qDg\">\n    <div class=\"sby_inner_item\">\n        <div class=\"sby_video_thumbnail_wrap sby_item_video_thumbnail_wrap\">\n            <a class=\"sby_video_thumbnail sby_item_video_thumbnail\" href=\"https:\/\/www.youtube.com\/watch?v=TczQCbE_qDg\" target=\"_blank\" rel=\"noopener\" data-full-res=\"https:\/\/i.ytimg.com\/vi\/TczQCbE_qDg\/maxresdefault.jpg\" data-img-src-set=\"{&quot;120&quot;:&quot;https:\\\/\\\/i.ytimg.com\\\/vi\\\/TczQCbE_qDg\\\/default.jpg&quot;,&quot;320&quot;:&quot;https:\\\/\\\/i.ytimg.com\\\/vi\\\/TczQCbE_qDg\\\/mqdefault.jpg&quot;,&quot;480&quot;:&quot;https:\\\/\\\/i.ytimg.com\\\/vi\\\/TczQCbE_qDg\\\/hqdefault.jpg&quot;,&quot;640&quot;:&quot;https:\\\/\\\/i.ytimg.com\\\/vi\\\/TczQCbE_qDg\\\/sddefault.jpg&quot;}\" data-video-id=\"TczQCbE_qDg\" data-video-title=\"Abbine, la cantant que trenca les normes\">\n                <img decoding=\"async\" src=\"https:\/\/www.noubarris.net\/web40\/wp-content\/plugins\/feeds-for-youtube\/img\/placeholder.png\" alt=\"Abbine \u00e9s una cantant, compositora i productora nascuda a Girona per\u00f2 musicalment criada a Barcelona entre jams i m\u00fasics de jazz. \u00c9s saxofonista de jazz de formaci\u00f3 per\u00f2, cansada dels dogmes i de les normes, es llan\u00e7a a escriure i a explicar el que viu i tot el que desitja. A trav\u00e9s de la seva m\u00fasica, s&#039;allibera de les normes estil\u00edstiques i explora molts estils diferents com l&#039;R&amp;B, el hip-hop, el pop, l&#039;afrobeat i el reggaeton. Treu el seu primer single Mitos a inicis del 2025 seguit de Presente, ja disponible a totes les plataformes i Veo Veo que \u00e9s el seu proxim senzill. Tots formen part d&#039;un EP de 12 temes en proc\u00e9s de producci\u00f3. \n\nContingut creat pels col\u00b7laboradors i col\u00b7laboradores de Nou Barris TV dins el programa TRIA Nou Barris (Taller de Recursos Audiovisuals) \n--------------------------------------------\nSubscriu-te per saber qu\u00e8 passa a Nou Barris: youtube.com\/@NouBarrisTV\">\n\n                <div class=\"sby_thumbnail_hover sby_item_video_thumbnail_hover\">\n                    <div class=\"sby_thumbnail_hover_inner\">\n                                                    <span class=\"sby_video_title\" >Abbine, la cantant que trenca les normes<\/span>\n                                            <\/div>\n                <\/div>\n\n                                    <div class=\"sby_play_btn\" >\n                        <span class=\"sby_play_btn_bg\"><\/span>\n                        <svg aria-hidden=\"true\" focusable=\"false\" data-prefix=\"fab\" data-icon=\"youtube\" role=\"img\" xmlns=\"http:\/\/www.w3.org\/2000\/svg\" viewBox=\"0 0 576 512\" class=\"svg-inline--fa fa-youtube fa-w-18\"><path fill=\"currentColor\" d=\"M549.655 124.083c-6.281-23.65-24.787-42.276-48.284-48.597C458.781 64 288 64 288 64S117.22 64 74.629 75.486c-23.497 6.322-42.003 24.947-48.284 48.597-11.412 42.867-11.412 132.305-11.412 132.305s0 89.438 11.412 132.305c6.281 23.65 24.787 41.5 48.284 47.821C117.22 448 288 448 288 448s170.78 0 213.371-11.486c23.497-6.321 42.003-24.171 48.284-47.821 11.412-42.867 11.412-132.305 11.412-132.305s0-89.438-11.412-132.305zm-317.51 213.508V175.185l142.739 81.205-142.739 81.201z\" class=\"\"><\/path><\/svg>                    <\/div>\n                                <span class=\"sby_loader sby_hidden\" style=\"background-color: rgb(255, 255, 255);\"><\/span>\n            <\/a>\n\n                    <\/div>\n    <\/div>\n<\/div><div class=\"sby_item  sby_new sby_transition\" id=\"sby_VVViLTB0N1VDUkw2NmJHX2p3TERremJBLndtNzRnX2VDZWpB\" data-date=\"1756803901\" data-video-id=\"wm74g_eCejA\">\n    <div class=\"sby_inner_item\">\n        <div class=\"sby_video_thumbnail_wrap sby_item_video_thumbnail_wrap\">\n            <a class=\"sby_video_thumbnail sby_item_video_thumbnail\" href=\"https:\/\/www.youtube.com\/watch?v=wm74g_eCejA\" target=\"_blank\" rel=\"noopener\" data-full-res=\"https:\/\/i.ytimg.com\/vi\/wm74g_eCejA\/maxresdefault.jpg\" data-img-src-set=\"{&quot;120&quot;:&quot;https:\\\/\\\/i.ytimg.com\\\/vi\\\/wm74g_eCejA\\\/default.jpg&quot;,&quot;320&quot;:&quot;https:\\\/\\\/i.ytimg.com\\\/vi\\\/wm74g_eCejA\\\/mqdefault.jpg&quot;,&quot;480&quot;:&quot;https:\\\/\\\/i.ytimg.com\\\/vi\\\/wm74g_eCejA\\\/hqdefault.jpg&quot;,&quot;640&quot;:&quot;https:\\\/\\\/i.ytimg.com\\\/vi\\\/wm74g_eCejA\\\/sddefault.jpg&quot;}\" data-video-id=\"wm74g_eCejA\" data-video-title=\"Salut mental i joves: El CONCURS de CURTMETRATGES del Casal de Trinitat Nova Som la Pera\">\n                <img decoding=\"async\" src=\"https:\/\/www.noubarris.net\/web40\/wp-content\/plugins\/feeds-for-youtube\/img\/placeholder.png\" alt=\"Salut mental i joves: El CONCURS de CURTMETRATGES del Casal de Trinitat Nova Som la Pera\">\n\n                <div class=\"sby_thumbnail_hover sby_item_video_thumbnail_hover\">\n                    <div class=\"sby_thumbnail_hover_inner\">\n                                                    <span class=\"sby_video_title\" >Salut mental i joves: El CONCURS de CURTMETRATGES del Casal de Trinitat Nova Som la Pera<\/span>\n                                            <\/div>\n                <\/div>\n\n                                    <div class=\"sby_play_btn\" >\n                        <span class=\"sby_play_btn_bg\"><\/span>\n                        <svg aria-hidden=\"true\" focusable=\"false\" data-prefix=\"fab\" data-icon=\"youtube\" role=\"img\" xmlns=\"http:\/\/www.w3.org\/2000\/svg\" viewBox=\"0 0 576 512\" class=\"svg-inline--fa fa-youtube fa-w-18\"><path fill=\"currentColor\" d=\"M549.655 124.083c-6.281-23.65-24.787-42.276-48.284-48.597C458.781 64 288 64 288 64S117.22 64 74.629 75.486c-23.497 6.322-42.003 24.947-48.284 48.597-11.412 42.867-11.412 132.305-11.412 132.305s0 89.438 11.412 132.305c6.281 23.65 24.787 41.5 48.284 47.821C117.22 448 288 448 288 448s170.78 0 213.371-11.486c23.497-6.321 42.003-24.171 48.284-47.821 11.412-42.867 11.412-132.305 11.412-132.305s0-89.438-11.412-132.305zm-317.51 213.508V175.185l142.739 81.205-142.739 81.201z\" class=\"\"><\/path><\/svg>                    <\/div>\n                                <span class=\"sby_loader sby_hidden\" style=\"background-color: rgb(255, 255, 255);\"><\/span>\n            <\/a>\n\n                    <\/div>\n    <\/div>\n<\/div><div class=\"sby_item  sby_new sby_transition\" id=\"sby_VVViLTB0N1VDUkw2NmJHX2p3TERremJBLks3ZVo5b1lzUFg0\" data-date=\"1756745976\" data-video-id=\"K7eZ9oYsPX4\">\n    <div class=\"sby_inner_item\">\n        <div class=\"sby_video_thumbnail_wrap sby_item_video_thumbnail_wrap\">\n            <a class=\"sby_video_thumbnail sby_item_video_thumbnail\" href=\"https:\/\/www.youtube.com\/watch?v=K7eZ9oYsPX4\" target=\"_blank\" rel=\"noopener\" data-full-res=\"https:\/\/i.ytimg.com\/vi\/K7eZ9oYsPX4\/maxresdefault.jpg\" data-img-src-set=\"{&quot;120&quot;:&quot;https:\\\/\\\/i.ytimg.com\\\/vi\\\/K7eZ9oYsPX4\\\/default.jpg&quot;,&quot;320&quot;:&quot;https:\\\/\\\/i.ytimg.com\\\/vi\\\/K7eZ9oYsPX4\\\/mqdefault.jpg&quot;,&quot;480&quot;:&quot;https:\\\/\\\/i.ytimg.com\\\/vi\\\/K7eZ9oYsPX4\\\/hqdefault.jpg&quot;,&quot;640&quot;:&quot;https:\\\/\\\/i.ytimg.com\\\/vi\\\/K7eZ9oYsPX4\\\/sddefault.jpg&quot;}\" data-video-id=\"K7eZ9oYsPX4\" data-video-title=\"Salut mental i joves: El CONCURS de CURTMETRATGES del Casal de Trinitat Nova Som la Pera\">\n                <img decoding=\"async\" src=\"https:\/\/www.noubarris.net\/web40\/wp-content\/plugins\/feeds-for-youtube\/img\/placeholder.png\" alt=\"Entrevistem a la Mar, dinamitzadora del Casal de Barri Trinitat Nova-Som la Pera on ens explica breument en qu\u00e8 consisteix el projecte que s&#039;hi esta duent a terme.\nMovie123Ment \u00e9s un festival de curtmetratges per a joves de Nou Barris amb tem\u00e0tica sobre salut mental. \nObert a participants de 15 a 30 anys, ofereix premis en met\u00e0l\u00b7lic i activitats paral\u00b7leles com tallers, xerrades i projeccions. \n\nEl festival tindr\u00e0 lloc del 8 de setembre al 10 d\u2019octubre de 2025 en diferents espais de Nou Barris.\n\n+info i bases a Instagram \ud83d\udc49 @movie123ment\n\n\nContingut creat pels col\u00b7laboradors i col\u00b7laboradores de Nou Barris TV dins el programa TRIA Nou Barris (Taller de Recursos Audiovisuals) \n--------------------------------------------\nSubscriu-te per saber qu\u00e8 passa a Nou Barris: youtube.com\/@NouBarrisTV\">\n\n                <div class=\"sby_thumbnail_hover sby_item_video_thumbnail_hover\">\n                    <div class=\"sby_thumbnail_hover_inner\">\n                                                    <span class=\"sby_video_title\" >Salut mental i joves: El CONCURS de CURTMETRATGES del Casal de Trinitat Nova Som la Pera<\/span>\n                                            <\/div>\n                <\/div>\n\n                                    <div class=\"sby_play_btn\" >\n                        <span class=\"sby_play_btn_bg\"><\/span>\n                        <svg aria-hidden=\"true\" focusable=\"false\" data-prefix=\"fab\" data-icon=\"youtube\" role=\"img\" xmlns=\"http:\/\/www.w3.org\/2000\/svg\" viewBox=\"0 0 576 512\" class=\"svg-inline--fa fa-youtube fa-w-18\"><path fill=\"currentColor\" d=\"M549.655 124.083c-6.281-23.65-24.787-42.276-48.284-48.597C458.781 64 288 64 288 64S117.22 64 74.629 75.486c-23.497 6.322-42.003 24.947-48.284 48.597-11.412 42.867-11.412 132.305-11.412 132.305s0 89.438 11.412 132.305c6.281 23.65 24.787 41.5 48.284 47.821C117.22 448 288 448 288 448s170.78 0 213.371-11.486c23.497-6.321 42.003-24.171 48.284-47.821 11.412-42.867 11.412-132.305 11.412-132.305s0-89.438-11.412-132.305zm-317.51 213.508V175.185l142.739 81.205-142.739 81.201z\" class=\"\"><\/path><\/svg>                    <\/div>\n                                <span class=\"sby_loader sby_hidden\" style=\"background-color: rgb(255, 255, 255);\"><\/span>\n            <\/a>\n\n                    <\/div>\n    <\/div>\n<\/div><div class=\"sby_item  sby_new sby_transition\" id=\"sby_VVViLTB0N1VDUkw2NmJHX2p3TERremJBLlA0SjE5bkQ4aHhn\" data-date=\"1756029858\" data-video-id=\"P4J19nD8hxg\">\n    <div class=\"sby_inner_item\">\n        <div class=\"sby_video_thumbnail_wrap sby_item_video_thumbnail_wrap\">\n            <a class=\"sby_video_thumbnail sby_item_video_thumbnail\" href=\"https:\/\/www.youtube.com\/watch?v=P4J19nD8hxg\" target=\"_blank\" rel=\"noopener\" data-full-res=\"https:\/\/i.ytimg.com\/vi\/P4J19nD8hxg\/maxresdefault.jpg\" data-img-src-set=\"{&quot;120&quot;:&quot;https:\\\/\\\/i.ytimg.com\\\/vi\\\/P4J19nD8hxg\\\/default.jpg&quot;,&quot;320&quot;:&quot;https:\\\/\\\/i.ytimg.com\\\/vi\\\/P4J19nD8hxg\\\/mqdefault.jpg&quot;,&quot;480&quot;:&quot;https:\\\/\\\/i.ytimg.com\\\/vi\\\/P4J19nD8hxg\\\/hqdefault.jpg&quot;,&quot;640&quot;:&quot;https:\\\/\\\/i.ytimg.com\\\/vi\\\/P4J19nD8hxg\\\/sddefault.jpg&quot;}\" data-video-id=\"P4J19nD8hxg\" data-video-title=\"Recordem el curs passat: Qu\u00e8 passa amb el pla de futur de Can Peguera?\">\n                <img decoding=\"async\" src=\"https:\/\/www.noubarris.net\/web40\/wp-content\/plugins\/feeds-for-youtube\/img\/placeholder.png\" alt=\"Aprofitem les vacances per recordar moments del curs passat: \nVam anar a Can Peguera per saber qu\u00e8 passa amb el pla de futur i la rehabilitaci\u00f3 de les cases de Can Peguera. \nPep Ortiz, president de l&#039;Associaci\u00f3 de Ve\u00efns de Can Peguera ens ho explicava.\">\n\n                <div class=\"sby_thumbnail_hover sby_item_video_thumbnail_hover\">\n                    <div class=\"sby_thumbnail_hover_inner\">\n                                                    <span class=\"sby_video_title\" >Recordem el curs passat: Qu\u00e8 passa amb el pla de futur de Can Peguera?<\/span>\n                                            <\/div>\n                <\/div>\n\n                                    <div class=\"sby_play_btn\" >\n                        <span class=\"sby_play_btn_bg\"><\/span>\n                        <svg aria-hidden=\"true\" focusable=\"false\" data-prefix=\"fab\" data-icon=\"youtube\" role=\"img\" xmlns=\"http:\/\/www.w3.org\/2000\/svg\" viewBox=\"0 0 576 512\" class=\"svg-inline--fa fa-youtube fa-w-18\"><path fill=\"currentColor\" d=\"M549.655 124.083c-6.281-23.65-24.787-42.276-48.284-48.597C458.781 64 288 64 288 64S117.22 64 74.629 75.486c-23.497 6.322-42.003 24.947-48.284 48.597-11.412 42.867-11.412 132.305-11.412 132.305s0 89.438 11.412 132.305c6.281 23.65 24.787 41.5 48.284 47.821C117.22 448 288 448 288 448s170.78 0 213.371-11.486c23.497-6.321 42.003-24.171 48.284-47.821 11.412-42.867 11.412-132.305 11.412-132.305s0-89.438-11.412-132.305zm-317.51 213.508V175.185l142.739 81.205-142.739 81.201z\" class=\"\"><\/path><\/svg>                    <\/div>\n                                <span class=\"sby_loader sby_hidden\" style=\"background-color: rgb(255, 255, 255);\"><\/span>\n            <\/a>\n\n                    <\/div>\n    <\/div>\n<\/div>    <\/div>\n    \n\t<div class=\"sby_footer\">\n\n    <button type=\"button\" aria-label=\"Load more content\" class=\"sby_load_btn\"  >\n        <span class=\"sby_btn_text\" >M\u00e9s v\u00eddeos...<\/span>\n        <span class=\"sby_loader sby_hidden\" style=\"background-color: rgb(255, 255, 255);\"><\/span>\n    <\/button>\n\n    <span \n        class=\"sby_follow_btn\" \n            >\n        <a \n            href=\"https:\/\/www.youtube.com\/channel\/UCb-0t7UCRL66bG_jwLDkzbA\/\"\n             \n            target=\"_blank\" \n            rel=\"noopener\"\n        >\n            <svg aria-hidden=\"true\" focusable=\"false\" data-prefix=\"fab\" data-icon=\"youtube\" role=\"img\" xmlns=\"http:\/\/www.w3.org\/2000\/svg\" viewBox=\"0 0 576 512\" class=\"svg-inline--fa fa-youtube fa-w-18\"><path fill=\"currentColor\" d=\"M549.655 124.083c-6.281-23.65-24.787-42.276-48.284-48.597C458.781 64 288 64 288 64S117.22 64 74.629 75.486c-23.497 6.322-42.003 24.947-48.284 48.597-11.412 42.867-11.412 132.305-11.412 132.305s0 89.438 11.412 132.305c6.281 23.65 24.787 41.5 48.284 47.821C117.22 448 288 448 288 448s170.78 0 213.371-11.486c23.497-6.321 42.003-24.171 48.284-47.821 11.412-42.867 11.412-132.305 11.412-132.305s0-89.438-11.412-132.305zm-317.51 213.508V175.185l142.739 81.205-142.739 81.201z\" class=\"\"><\/path><\/svg>            <span  >\n                Subscriu-te            <\/span>\n        <\/a>\n    <\/span>\n<\/div>\n    \n\t\n<\/div>\n\n<style type=\"text\/css\">body #sb_youtube_sbyUCb0t7UCRL66bGjwLDkzbA9 .sby_caption_wrap .sby_caption { font-size: 13px !important}body #sb_youtube_sbyUCb0t7UCRL66bGjwLDkzbA9 .sby_follow_btn a:hover { box-shadow:inset 0 0 10px 20px rgb(255, 255, 255, .25) !important}body #sb_youtube_sbyUCb0t7UCRL66bGjwLDkzbA9[data-videostyle=boxed] .sby_items_wrap .sby_item .sby_inner_item { background-color: #ffffff !important}<\/style><\/div><\/div><\/div><\/div><div id=\"pg-64699-4\"  class=\"panel-grid panel-no-style\" ><div id=\"pgc-64699-4-0\"  class=\"panel-grid-cell\" ><div id=\"panel-64699-4-0-0\" class=\"so-panel widget widget_text panel-first-child\" data-index=\"5\" >\t\t\t<div class=\"textwidget\">\n<\/div>\n\t\t<\/div><div id=\"panel-64699-4-0-1\" class=\"so-panel widget widget_text panel-last-child\" data-index=\"6\" ><h3 class=\"widget-title\">Una televisi\u00f3 amb hist\u00f2ria i arrelament<\/h3>\t\t\t<div class=\"textwidget\"><p class=\"p1\">Nou Barris Televisi\u00f3 \u00e9s un projecte comunitari i audiovisual amb arrels profundes al districte de Nou Barris de Barcelona. Des dels seus inicis l&#8217;any 1985 com a Tele Llobeta, ha evolucionat fins a esdevenir una plataforma oberta i participativa, compromesa amb la difusi\u00f3 de la realitat, la mem\u00f2ria i la cultura del territori.<\/p>\n<p class=\"p1\"><b>Una televisi\u00f3 amb hist\u00f2ria i arrelament<\/b><\/p>\n<p class=\"p2\">La nostra traject\u00f2ria comen\u00e7a de manera artesanal, quan un grup de joves apassionats per l&#8217;audiovisual va decidir retransmetre la festa major de la Torre Llobeta amb mitjans casolans i molta il\u00b7lusi\u00f3. Aquest esperit pioner va donar lloc a la creaci\u00f3 de Projectart, entitat sense \u00e0nim de lucre que ha gestionat Nou Barris Televisi\u00f3 des de 1987. Durant els anys noranta, vam formar part de Barcelona Televisi\u00f3 (avui Betev\u00e9), destacant per la producci\u00f3 de reportatges i not\u00edcies centrades en la realitat del districte. Des de la nostra desvinculaci\u00f3 de Betev\u00e9 a finals de 2020, hem refor\u00e7at el nostre car\u00e0cter de televisi\u00f3 comunit\u00e0ria, oberta a la participaci\u00f3 de ve\u00efnes i ve\u00efns.<\/p>\n<p class=\"p1\"><b>Qu\u00e8 fem a Nou Barris Televisi\u00f3?<\/b><\/p>\n<ul class=\"ul1\">\n<li class=\"li2\"><b>Informaci\u00f3 de proximitat<\/b>: Produ\u00efm reportatges, not\u00edcies i entrevistes que reflecteixen l&#8217;actualitat dels 13 barris del districte, donant veu a les iniciatives ve\u00efnals, culturals i socials.<\/li>\n<li class=\"li2\"><b>Mem\u00f2ria hist\u00f2rica<\/b>: Col\u00b7laborem amb l&#8217;Arxiu Hist\u00f2ric de Roquetes-Nou Barris en projectes com &#8220;Relligant Nou Barris&#8221;, una xarxa de codis QR que permet descobrir el patrimoni del districte a trav\u00e9s de v\u00eddeos i rutes tem\u00e0tiques.<\/li>\n<li class=\"li1\"><b>Formaci\u00f3 i participaci\u00f3<\/b>: Oferim formaci\u00f3 en tecnologies de la informaci\u00f3 per a ve\u00efns, professionals i entitats sense \u00e0nim de lucre, amb l&#8217;objectiu de millorar els coneixements i evitar l&#8217;exclusi\u00f3 digital.<\/li>\n<li class=\"li1\"><b>Difusi\u00f3 cultural<\/b>: Cobrim esdeveniments culturals com festes majors, festivals i activitats comunit\u00e0ries, contribuint a la promoci\u00f3 de la cultura popular i l&#8217;art local.\n<p class=\"p1\"><b>Uneix-te a nosaltres<\/b><\/p>\n<p class=\"p2\">Nou Barris Televisi\u00f3 \u00e9s un projecte obert a la participaci\u00f3 de tothom. Si tens inter\u00e8s en l&#8217;audiovisual, la comunicaci\u00f3 o simplement vols contribuir a explicar la realitat del teu barri, t&#8217;animem a formar part d&#8217;aquest projecte col\u00b7lectiu.<\/p>\n<p class=\"p2\">Amb m\u00e9s de 35 anys d&#8217;hist\u00f2ria, continuem treballant per ser un mitj\u00e0 proper, inclusiu i comprom\u00e8s amb la comunitat de Nou Barris.\u00a0 <a href=\"https:\/\/www.noubarris.net\/web40\/contacte\/\" target=\"_blank\" rel=\"noopener\">Uneix-te!<\/a><\/p>\n<\/li>\n<\/ul>\n<\/div>\n\t\t<\/div><\/div><\/div><\/div>","protected":false},"excerpt":{"rendered":"<p>Aqu\u00ed trobareu tots els reportatges que l\u2019equip de Nou Barris Televisi\u00f3 realitza. \u00daltims v\u00eddeos publicats<\/p>\n","protected":false},"author":2,"featured_media":0,"parent":0,"menu_order":0,"comment_status":"closed","ping_status":"closed","template":"","meta":{"colormag_page_layout":"default_layout","_monsterinsights_skip_tracking":false,"_monsterinsights_sitenote_active":false,"_monsterinsights_sitenote_note":"","_monsterinsights_sitenote_category":0,"footnotes":""},"class_list":["post-64699","page","type-page","status-publish","hentry"],"yoast_head":"<!-- This site is optimized with the Yoast SEO plugin v25.3 - https:\/\/yoast.com\/wordpress\/plugins\/seo\/ -->\n<title>Nou Barris TV - NouBarris.Net<\/title>\n<meta name=\"robots\" content=\"index, follow, max-snippet:-1, max-image-preview:large, max-video-preview:-1\" \/>\n<link rel=\"canonical\" href=\"https:\/\/www.noubarris.net\/web40\/informatius\/\" \/>\n<meta property=\"og:locale\" content=\"ca_ES\" \/>\n<meta property=\"og:type\" content=\"article\" \/>\n<meta property=\"og:title\" content=\"Nou Barris TV - NouBarris.Net\" \/>\n<meta property=\"og:description\" content=\"Aqu\u00ed trobareu tots els reportatges que l\u2019equip de Nou Barris Televisi\u00f3 realitza. \u00daltims v\u00eddeos publicats\" \/>\n<meta property=\"og:url\" content=\"https:\/\/www.noubarris.net\/web40\/informatius\/\" \/>\n<meta property=\"og:site_name\" content=\"NouBarris.Net\" \/>\n<meta property=\"article:publisher\" content=\"https:\/\/www.facebook.com\/NouBarris.net\/?locale=es_ES\" \/>\n<meta property=\"article:modified_time\" content=\"2025-05-27T10:33:47+00:00\" \/>\n<meta name=\"twitter:card\" content=\"summary_large_image\" \/>\n<meta name=\"twitter:site\" content=\"@9BTV\" \/>\n<meta name=\"twitter:label1\" content=\"Temps estimat de lectura\" \/>\n\t<meta name=\"twitter:data1\" content=\"5 minuts\" \/>\n<script type=\"application\/ld+json\" class=\"yoast-schema-graph\">{\"@context\":\"https:\/\/schema.org\",\"@graph\":[{\"@type\":\"WebPage\",\"@id\":\"https:\/\/www.noubarris.net\/web40\/informatius\/\",\"url\":\"https:\/\/www.noubarris.net\/web40\/informatius\/\",\"name\":\"Nou Barris TV - NouBarris.Net\",\"isPartOf\":{\"@id\":\"https:\/\/www.noubarris.net\/web40\/#website\"},\"datePublished\":\"2015-11-04T09:37:16+00:00\",\"dateModified\":\"2025-05-27T10:33:47+00:00\",\"breadcrumb\":{\"@id\":\"https:\/\/www.noubarris.net\/web40\/informatius\/#breadcrumb\"},\"inLanguage\":\"ca\",\"potentialAction\":[{\"@type\":\"ReadAction\",\"target\":[\"https:\/\/www.noubarris.net\/web40\/informatius\/\"]}]},{\"@type\":\"BreadcrumbList\",\"@id\":\"https:\/\/www.noubarris.net\/web40\/informatius\/#breadcrumb\",\"itemListElement\":[{\"@type\":\"ListItem\",\"position\":1,\"name\":\"Inici\",\"item\":\"https:\/\/www.noubarris.net\/web40\/\"},{\"@type\":\"ListItem\",\"position\":2,\"name\":\"Nou Barris TV\"}]},{\"@type\":\"WebSite\",\"@id\":\"https:\/\/www.noubarris.net\/web40\/#website\",\"url\":\"https:\/\/www.noubarris.net\/web40\/\",\"name\":\"NouBarris.Net\",\"description\":\"Seguint la vida de Nou Barris des de 1985\",\"publisher\":{\"@id\":\"https:\/\/www.noubarris.net\/web40\/#organization\"},\"potentialAction\":[{\"@type\":\"SearchAction\",\"target\":{\"@type\":\"EntryPoint\",\"urlTemplate\":\"https:\/\/www.noubarris.net\/web40\/?s={search_term_string}\"},\"query-input\":{\"@type\":\"PropertyValueSpecification\",\"valueRequired\":true,\"valueName\":\"search_term_string\"}}],\"inLanguage\":\"ca\"},{\"@type\":\"Organization\",\"@id\":\"https:\/\/www.noubarris.net\/web40\/#organization\",\"name\":\"NouBarris.Net\",\"url\":\"https:\/\/www.noubarris.net\/web40\/\",\"logo\":{\"@type\":\"ImageObject\",\"inLanguage\":\"ca\",\"@id\":\"https:\/\/www.noubarris.net\/web40\/#\/schema\/logo\/image\/\",\"url\":\"https:\/\/www.noubarris.net\/web40\/wp-content\/uploads\/2024\/11\/cropped-cropped-LOGO_9BTV-2024_Insta-1.jpg\",\"contentUrl\":\"https:\/\/www.noubarris.net\/web40\/wp-content\/uploads\/2024\/11\/cropped-cropped-LOGO_9BTV-2024_Insta-1.jpg\",\"width\":512,\"height\":512,\"caption\":\"NouBarris.Net\"},\"image\":{\"@id\":\"https:\/\/www.noubarris.net\/web40\/#\/schema\/logo\/image\/\"},\"sameAs\":[\"https:\/\/www.facebook.com\/NouBarris.net\/?locale=es_ES\",\"https:\/\/x.com\/9BTV\"]}]}<\/script>\n<!-- \/ Yoast SEO plugin. -->","yoast_head_json":{"title":"Nou Barris TV - NouBarris.Net","robots":{"index":"index","follow":"follow","max-snippet":"max-snippet:-1","max-image-preview":"max-image-preview:large","max-video-preview":"max-video-preview:-1"},"canonical":"https:\/\/www.noubarris.net\/web40\/informatius\/","og_locale":"ca_ES","og_type":"article","og_title":"Nou Barris TV - NouBarris.Net","og_description":"Aqu\u00ed trobareu tots els reportatges que l\u2019equip de Nou Barris Televisi\u00f3 realitza. \u00daltims v\u00eddeos publicats","og_url":"https:\/\/www.noubarris.net\/web40\/informatius\/","og_site_name":"NouBarris.Net","article_publisher":"https:\/\/www.facebook.com\/NouBarris.net\/?locale=es_ES","article_modified_time":"2025-05-27T10:33:47+00:00","twitter_card":"summary_large_image","twitter_site":"@9BTV","twitter_misc":{"Temps estimat de lectura":"5 minuts"},"schema":{"@context":"https:\/\/schema.org","@graph":[{"@type":"WebPage","@id":"https:\/\/www.noubarris.net\/web40\/informatius\/","url":"https:\/\/www.noubarris.net\/web40\/informatius\/","name":"Nou Barris TV - NouBarris.Net","isPartOf":{"@id":"https:\/\/www.noubarris.net\/web40\/#website"},"datePublished":"2015-11-04T09:37:16+00:00","dateModified":"2025-05-27T10:33:47+00:00","breadcrumb":{"@id":"https:\/\/www.noubarris.net\/web40\/informatius\/#breadcrumb"},"inLanguage":"ca","potentialAction":[{"@type":"ReadAction","target":["https:\/\/www.noubarris.net\/web40\/informatius\/"]}]},{"@type":"BreadcrumbList","@id":"https:\/\/www.noubarris.net\/web40\/informatius\/#breadcrumb","itemListElement":[{"@type":"ListItem","position":1,"name":"Inici","item":"https:\/\/www.noubarris.net\/web40\/"},{"@type":"ListItem","position":2,"name":"Nou Barris TV"}]},{"@type":"WebSite","@id":"https:\/\/www.noubarris.net\/web40\/#website","url":"https:\/\/www.noubarris.net\/web40\/","name":"NouBarris.Net","description":"Seguint la vida de Nou Barris des de 1985","publisher":{"@id":"https:\/\/www.noubarris.net\/web40\/#organization"},"potentialAction":[{"@type":"SearchAction","target":{"@type":"EntryPoint","urlTemplate":"https:\/\/www.noubarris.net\/web40\/?s={search_term_string}"},"query-input":{"@type":"PropertyValueSpecification","valueRequired":true,"valueName":"search_term_string"}}],"inLanguage":"ca"},{"@type":"Organization","@id":"https:\/\/www.noubarris.net\/web40\/#organization","name":"NouBarris.Net","url":"https:\/\/www.noubarris.net\/web40\/","logo":{"@type":"ImageObject","inLanguage":"ca","@id":"https:\/\/www.noubarris.net\/web40\/#\/schema\/logo\/image\/","url":"https:\/\/www.noubarris.net\/web40\/wp-content\/uploads\/2024\/11\/cropped-cropped-LOGO_9BTV-2024_Insta-1.jpg","contentUrl":"https:\/\/www.noubarris.net\/web40\/wp-content\/uploads\/2024\/11\/cropped-cropped-LOGO_9BTV-2024_Insta-1.jpg","width":512,"height":512,"caption":"NouBarris.Net"},"image":{"@id":"https:\/\/www.noubarris.net\/web40\/#\/schema\/logo\/image\/"},"sameAs":["https:\/\/www.facebook.com\/NouBarris.net\/?locale=es_ES","https:\/\/x.com\/9BTV"]}]}},"_links":{"self":[{"href":"https:\/\/www.noubarris.net\/web40\/wp-json\/wp\/v2\/pages\/64699","targetHints":{"allow":["GET"]}}],"collection":[{"href":"https:\/\/www.noubarris.net\/web40\/wp-json\/wp\/v2\/pages"}],"about":[{"href":"https:\/\/www.noubarris.net\/web40\/wp-json\/wp\/v2\/types\/page"}],"author":[{"embeddable":true,"href":"https:\/\/www.noubarris.net\/web40\/wp-json\/wp\/v2\/users\/2"}],"replies":[{"embeddable":true,"href":"https:\/\/www.noubarris.net\/web40\/wp-json\/wp\/v2\/comments?post=64699"}],"version-history":[{"count":13,"href":"https:\/\/www.noubarris.net\/web40\/wp-json\/wp\/v2\/pages\/64699\/revisions"}],"predecessor-version":[{"id":85166,"href":"https:\/\/www.noubarris.net\/web40\/wp-json\/wp\/v2\/pages\/64699\/revisions\/85166"}],"wp:attachment":[{"href":"https:\/\/www.noubarris.net\/web40\/wp-json\/wp\/v2\/media?parent=64699"}],"curies":[{"name":"wp","href":"https:\/\/api.w.org\/{rel}","templated":true}]}}